{"id":200,"date":"2018-06-02T14:19:18","date_gmt":"2018-06-02T12:19:18","guid":{"rendered":"https:\/\/www.praxis-kraemer.com\/wordpress\/?page_id=200"},"modified":"2025-06-17T09:51:05","modified_gmt":"2025-06-17T07:51:05","slug":"informationen-leistungsspektrum","status":"publish","type":"page","link":"https:\/\/www.praxis-kraemer.com\/wordpress\/informationen-leistungsspektrum\/","title":{"rendered":"Leistungsspektrum"},"content":{"rendered":"<div id=\"pl-200\"  class=\"panel-layout\" ><div id=\"pg-200-0\"  class=\"panel-grid panel-no-style\" ><div id=\"pgc-200-0-0\"  class=\"panel-grid-cell\" ><div id=\"panel-200-0-0-0\" class=\"so-panel widget widget_sow-editor panel-first-child panel-last-child\" data-index=\"0\" ><div\n\t\t\t\n\t\t\tclass=\"so-widget-sow-editor so-widget-sow-editor-base\"\n\t\t\t\n\t\t><h3 class=\"widget-title\">Leistungsspektrum<\/h3>\n<div class=\"siteorigin-widget-tinymce textwidget\">\n\t<p><strong>Informationen Leistungsspektrum der Praxis Kr\u00e4mer<\/strong><\/p>\n<p>Unser Leistungsspektrum ist vielf\u00e4ltig und fundiert. Wir bieten keine Leistungen an, von denen wir nicht \u00fcberzeugt sind sie auch zur vollsten Zufriedenheit unsere Patienten \/ Klienten anwenden zu k\u00f6nnen.<\/p>\n<ul>\n<li>Ergotherapie auf motorisch-funktioneller, sensomotorisch-perzeptiver und psychisch-funktioneller Basis sowie Hirnleistungstraining. Behandlung aller Altersstufen in den Bereichen\n<ul>\n<li>P\u00e4diatrie<\/li>\n<li>Neurologie<\/li>\n<li>Geriatrie<\/li>\n<li>Psychiatrie<\/li>\n<li>Orthop\u00e4die<\/li>\n<\/ul>\n<\/li>\n<li>Das Herstellen von tempor\u00e4ren ergotherapeutischen Schienen. Dies umfasst nicht nur statische Schienen sondern auch dynamische Schienen nach Sehnenverletzungen.<\/li>\n<li>Psychotherapie bei Erwachsenen und \u00e4lteren Jugendlichen auf Selbstzahlerbasis.\n<ul>\n<li>Gespr\u00e4chspsychotherapie<\/li>\n<li>Verhaltenstherapie<\/li>\n<li>Systemische Therapie<\/li>\n<li>Tiefenpsychologisch-fundierte Therapie<\/li>\n<\/ul>\n<\/li>\n<li>Psychologische Beratung<\/li>\n<li>Beratung von Firmen in Hinblick auf Ergonomie von Arbeitspl\u00e4tzen und Arbeitsprozessen.<\/li>\n<li>Supervision bei Teamkonflikten.<\/li>\n<\/ul>\n<\/div>\n<\/div><\/div><\/div><div id=\"pgc-200-0-1\"  class=\"panel-grid-cell\" ><div id=\"panel-200-0-1-0\" class=\"so-panel widget widget_bwp_gallery_slideshow bwp_gallery_slideshow panel-first-child panel-last-child\" data-index=\"1\" ><h3 class=\"widget-title\">Impressionen<\/h3><style id=\"bwg-style-0\">  #bwg_container1_0 {\n    display: table;\n\t\/*visibility: hidden;*\/\n  }\n  #bwg_container1_0 * {\n\t  -moz-user-select: none;\n\t  -khtml-user-select: none;\n\t  -webkit-user-select: none;\n\t  -ms-user-select: none;\n\t  user-select: none;\n  }\n  #bwg_container1_0 #bwg_container2_0 .bwg_slideshow_image_wrap_0 {\n\t  background-color: #F2F2F2;\n\t  width: 500px;\n\t  height: 500px;\n  }\n  #bwg_container1_0 #bwg_container2_0 .bwg_slideshow_image_0 {\n\t  max-width: 500px;\n\t  max-height: 460px;\n  }\n  #bwg_container1_0 #bwg_container2_0 .bwg_slideshow_embed_0 {\n    width: 500px;\n    height: 460px;\n  }\n  #bwg_container1_0 #bwg_container2_0 #bwg_slideshow_play_pause_0 {\n\t  background: transparent url(\"https:\/\/www.praxis-kraemer.com\/wordpress\/wp-content\/plugins\/photo-gallery\/images\/blank.gif\") repeat scroll 0 0;\n  }\n  #bwg_container1_0 #bwg_container2_0 #bwg_slideshow_play_pause-ico_0 {\n    color: #D6D6D6;\n    font-size: 35px;\n  }\n  #bwg_container1_0 #bwg_container2_0 #bwg_slideshow_play_pause-ico_0:hover {\n\t  color: #BABABA;\n  }\n  #bwg_container1_0 #bwg_container2_0 #spider_slideshow_left_0,\n  #bwg_container1_0 #bwg_container2_0 #spider_slideshow_right_0 {\n\t  background: transparent url(\"https:\/\/www.praxis-kraemer.com\/wordpress\/wp-content\/plugins\/photo-gallery\/images\/blank.gif\") repeat scroll 0 0;\n  }\n  #bwg_container1_0 #bwg_container2_0 #spider_slideshow_left-ico_0,\n  #bwg_container1_0 #bwg_container2_0 #spider_slideshow_right-ico_0 {\n\t  background-color: #FFFFFF;\n\t  border-radius: 20px;\n\t  border: 0px none #FFFFFF;\n\t  box-shadow: 0px 0px 0px #000000;\n\t  color: #D6D6D6;\n\t  height: 37px;\n\t  font-size: 12px;\n\t  width: 37px;\n\t  opacity: 1.00;\n  }\n  #bwg_container1_0 #bwg_container2_0 #spider_slideshow_left-ico_0:hover,\n  #bwg_container1_0 #bwg_container2_0 #spider_slideshow_right-ico_0:hover {\n\t  color: #BABABA;\n  }\n      #spider_slideshow_left-ico_0{\n      left: -9999px;\n    }\n    #spider_slideshow_right-ico_0{\n      left: -9999px;\n    }\n      #bwg_container1_0 #bwg_container2_0 .bwg_slideshow_image_container_0 {\n\t  bottom: 40px;\n\t  width: 500px;\n\t  height: 500px;\n\t}\n\t#bwg_container1_0 #bwg_container2_0 .bwg_slideshow_filmstrip_container_0 {\n\t  display: table;\n\t  height: 40px;\n\t  width: 500px;\n\t  bottom: 0;\n  }\n  \/* Filmstrip dimension *\/\n  #bwg_container1_0 #bwg_container2_0 .bwg_slideshow_filmstrip_0 {\n\t  left: 20px;\n\t  width: 460px;\n\t  \/*z-index: 10106;*\/\n  }\n  #bwg_container1_0 #bwg_container2_0 .bwg_slideshow_filmstrip_thumbnails_0 {\n    left: 0px;\n    width: 657px;\n    height: 40px;\n  }\n  #bwg_container1_0 #bwg_container2_0 .bwg_slideshow_filmstrip_thumbnail_0 {\n    width: 71px;\n    height: 40px;\n    margin: 0px 2px 0 0 ;\n    border: 0px none #000000;\n    border-radius: 0;\n  }\n  #bwg_container1_0 #bwg_container2_0 .bwg_slideshow_thumb_active_0 {\n\t  border: 0px solid #FFFFFF;\n  }\n  #bwg_container1_0 #bwg_container2_0 .bwg_slideshow_thumb_deactive_0 {\n    opacity: 1.00;\n  }\n  #bwg_container1_0 #bwg_container2_0 .bwg_slideshow_filmstrip_left_0,\n  #bwg_container1_0 #bwg_container2_0 .bwg_slideshow_filmstrip_left_disabled_0 {\n\t  background-color: #F2F2F2;\n\t  display: table-cell;\n\t  width: 20px;\n\t  left: 0;\n\t  \t    }\n  #bwg_container1_0 #bwg_container2_0 .bwg_slideshow_filmstrip_right_0,\n  #bwg_container1_0 #bwg_container2_0 .bwg_slideshow_filmstrip_right_disabled_0 {\n\t  background-color: #F2F2F2;\n    display: table-cell;\n    right: 0;\n\t  width: 20px;\n\t  \t    }\n  #bwg_container1_0 #bwg_container2_0 .bwg_slideshow_filmstrip_left_0 i,\n  #bwg_container1_0 #bwg_container2_0 .bwg_slideshow_filmstrip_right_0 i,\n  #bwg_container1_0 #bwg_container2_0 .bwg_slideshow_filmstrip_left_disabled_0 i,\n  #bwg_container1_0 #bwg_container2_0 .bwg_slideshow_filmstrip_right_disabled_0 i {\n\t  color: #BABABA;\n\t  font-size: 20px;\n  }\n  #bwg_container1_0 #bwg_container2_0 .bwg_slideshow_filmstrip_left_0 {\n    display: none;\n  }\n  #bwg_container1_0 #bwg_container2_0 .bwg_slideshow_filmstrip_left_disabled_0,\n  #bwg_container1_0 #bwg_container2_0 .bwg_slideshow_filmstrip_right_disabled_0 {\n    display: none;\n    opacity: 0.3;\n  }\n  #bwg_container1_0 #bwg_container2_0 .bwg_slideshow_filmstrip_left_disabled_0 {\n    display: table-cell;\n  }\n  #bwg_container1_0 #bwg_container2_0 .bwg_slideshow_watermark_spun_0 {\n\t  text-align: left;\n\t  vertical-align: bottom;\n  }\n  #bwg_container1_0 #bwg_container2_0 .bwg_slideshow_title_spun_0 {\n\t  text-align: right;\n\t  vertical-align: top;\n  }\n  #bwg_container1_0 #bwg_container2_0 .bwg_slideshow_description_spun_0 {\n\t  text-align: right;\n\t  vertical-align: bottom;\n  }\n  #bwg_container1_0 #bwg_container2_0 .bwg_slideshow_watermark_image_0 {\n\t  max-height: 90px;\n\t  max-width: 90px;\n\t  opacity: 0.30;\n  }\n  #bwg_container1_0 #bwg_container2_0 .bwg_slideshow_watermark_text_0,\n  #bwg_container1_0 #bwg_container2_0 .bwg_slideshow_watermark_text_0:hover {\n\t  text-decoration: none;\n\t  margin: 4px;\n\t  position: relative;\n\t  z-index: 15;\n  }\n  #bwg_container1_0 #bwg_container2_0 .bwg_slideshow_title_text_0 {\n\t  font-size: 16px;\n\t  font-family: segoe ui;\n\t  color: #FFFFFF !important;\n\t  opacity: 0.70;\n    border-radius: 5px;\n\t  background-color: #000000;\n\t  padding: 0 0 0 0;\n\t  \t\tmargin: 5px;\n\t  \t    }\n  #bwg_container1_0 #bwg_container2_0 .bwg_slideshow_description_text_0 {\n\t  font-size: 14px;\n\t  font-family: segoe ui;\n\t  color: #FFFFFF !important;\n\t  opacity: 0.70;\n    border-radius: 0;\n\t  background-color: #000000;\n\t  padding: 5px 10px 5px 10px;\n\t    }\n  #bwg_container1_0 #bwg_container2_0 .bwg_slideshow_description_text_0 * {\n\ttext-decoration: none;\n\tcolor: #FFFFFF !important;\n  }\n  #bwg_container1_0 #bwg_container2_0 .bwg_slideshow_dots_0 {\n\t  width: 12px;\n\t  height: 12px;\n\t  border-radius: 5px;\n\t  background: #F2D22E;\n\t  margin: 3px;\n  }\n  #bwg_container1_0 #bwg_container2_0 .bwg_slideshow_dots_container_0 {\n\t  width: 500px;\n\t  bottom: 0;\n  }\n  #bwg_container1_0 #bwg_container2_0 .bwg_slideshow_dots_thumbnails_0 {\n\t  height: 18px;\n\t  width: 162px;\n  }\n  #bwg_container1_0 #bwg_container2_0 .bwg_slideshow_dots_active_0 {\n\t  background: #FFFFFF;\n\t  border: 1px solid #000000;\n  }\n  <\/style>\n    <div id=\"bwg_container1_0\"\n         class=\"bwg_container bwg_thumbnail bwg_slideshow \"\n         data-right-click-protection=\"1\"\n         data-bwg=\"0\"\n         data-scroll=\"0\"\n         data-gallery-type=\"slideshow\"\n         data-gallery-view-type=\"slideshow\"\n         data-current-url=\"\/wordpress\/wp-json\/wp\/v2\/pages\/200\"\n         data-lightbox-url=\"https:\/\/www.praxis-kraemer.com\/wordpress\/wp-admin\/admin-ajax.php?action=GalleryBox&#038;current_view=0&#038;gallery_id=2&#038;tag=0&#038;theme_id=1&#038;shortcode_id=0&#038;sort_by=order&#038;order_by=asc&#038;current_url=%2Fwordpress%2Fwp-json%2Fwp%2Fv2%2Fpages%2F200\"\n         data-gallery-id=\"2\"\n         data-popup-width=\"800\"\n         data-popup-height=\"500\"\n         data-is-album=\"gallery\"\n         data-buttons-position=\"bottom\">\n      <div id=\"bwg_container2_0\">\n             <div id=\"ajax_loading_0\" class=\"bwg_loading_div_1\">\n      <div class=\"bwg_loading_div_2\">\n        <div class=\"bwg_loading_div_3\">\n          <div id=\"loading_div_0\" class=\"bwg_spider_ajax_loading\">\n          <\/div>\n        <\/div>\n      <\/div>\n    <\/div>\n            <form id=\"gal_front_form_0\"\n              class=\"bwg-hidden\"              method=\"post\"\n              action=\"#\"\n              data-current=\"0\"\n              data-shortcode-id=\"0\"\n              data-gallery-type=\"slideshow\"\n              data-gallery-id=\"2\"\n              data-tag=\"0\"\n              data-album-id=\"0\"\n              data-theme-id=\"1\"\n              data-ajax-url=\"https:\/\/www.praxis-kraemer.com\/wordpress\/wp-admin\/admin-ajax.php?action=bwg_frontend_data\">\n          <div id=\"bwg_container3_0\" class=\"bwg-background bwg-background-0\">\n              <div class=\"bwg_slideshow_image_wrap_0 bwg-slideshow-images-wrapper bwg-container\"\n       data-bwg=\"0\"\n       data-lightbox-url=\"https:\/\/www.praxis-kraemer.com\/wordpress\/wp-admin\/admin-ajax.php?action=GalleryBox&#038;current_view=0&#038;gallery_id=2&#038;tag=0&#038;theme_id=1&#038;shortcode_id=0&#038;sort_by=order&#038;order_by=asc&#038;current_url=%2Fwordpress%2Fwp-json%2Fwp%2Fv2%2Fpages%2F200\">\n          <div class=\"bwg_slideshow_filmstrip_container_0\">\n        <div class=\"bwg_slideshow_filmstrip_left_0\">\n          <i class=\"bwg-icon-angle-left\"><\/i>\n        <\/div>\n        <div class=\"bwg_slideshow_filmstrip_left_disabled_0\">\n          <i class=\"bwg-icon-angle-left\"><\/i>\n        <\/div>\n        <div class=\"bwg_slideshow_filmstrip_0 bwg_slideshow_filmstrip\">\n          <div class=\"bwg_slideshow_filmstrip_thumbnails_0\">\n                          <div id=\"bwg_filmstrip_thumbnail_0_0\"\n                class=\"bwg_slideshow_filmstrip_thumbnail_0 bwg_slideshow_thumb_active_0\"\n                data-style=\"width:71px; height:40px;\">\n                <img decoding=\"async\" class=\"bwg_filmstrip_thumbnail_img bwg_slideshow_filmstrip_thumbnail_img_0\"\n                  style=\"width:71px; height:94.666666666667px; margin-left: 0px; margin-top: -27.333333333333px;\"\n                  data-style=\"width:71px; height:94.666666666667px; margin-left: 0px; margin-top: -27.333333333333px;\"\n                  src=\"https:\/\/www.praxis-kraemer.com\/wordpress\/wp-content\/uploads\/photo-gallery\/thumb\/IMG_20180210_123612.jpg\"\n                  data-src=\"https:\/\/www.praxis-kraemer.com\/wordpress\/wp-content\/uploads\/photo-gallery\/thumb\/IMG_20180210_123612.jpg\"\n                  onclick=\"bwg_change_image(parseInt(jQuery('#bwg_current_image_key_0').val()), '0', '', '', '0')\"\n                  image_id=\"14\"\n                  image_key=\"0\"\n                  alt=\"IMG 20180210 123612\"\n                  title=\"IMG 20180210 123612\" \/>\n              <\/div>\n                            <div id=\"bwg_filmstrip_thumbnail_1_0\"\n                class=\"bwg_slideshow_filmstrip_thumbnail_0 bwg_slideshow_thumb_deactive_0\"\n                data-style=\"width:71px; height:40px;\">\n                <img decoding=\"async\" class=\"bwg_filmstrip_thumbnail_img bwg_slideshow_filmstrip_thumbnail_img_0\"\n                  style=\"width:71px; height:42.6px; margin-left: 0px; margin-top: -1.3px;\"\n                  data-style=\"width:71px; height:42.6px; margin-left: 0px; margin-top: -1.3px;\"\n                  src=\"https:\/\/www.praxis-kraemer.com\/wordpress\/wp-content\/uploads\/photo-gallery\/thumb\/20160206_163939.jpg\"\n                  data-src=\"https:\/\/www.praxis-kraemer.com\/wordpress\/wp-content\/uploads\/photo-gallery\/thumb\/20160206_163939.jpg\"\n                  onclick=\"bwg_change_image(parseInt(jQuery('#bwg_current_image_key_0').val()), '1', '', '', '0')\"\n                  image_id=\"13\"\n                  image_key=\"1\"\n                  alt=\"Solitair\"\n                  title=\"Solitair\" \/>\n              <\/div>\n                            <div id=\"bwg_filmstrip_thumbnail_2_0\"\n                class=\"bwg_slideshow_filmstrip_thumbnail_0 bwg_slideshow_thumb_deactive_0\"\n                data-style=\"width:71px; height:40px;\">\n                <img decoding=\"async\" class=\"bwg_filmstrip_thumbnail_img bwg_slideshow_filmstrip_thumbnail_img_0\"\n                  style=\"width:71px; height:47.333333333333px; margin-left: 0px; margin-top: -3.6666666666667px;\"\n                  data-style=\"width:71px; height:47.333333333333px; margin-left: 0px; margin-top: -3.6666666666667px;\"\n                  src=\"https:\/\/www.praxis-kraemer.com\/wordpress\/wp-content\/uploads\/photo-gallery\/thumb\/ergo_5.jpg\"\n                  data-src=\"https:\/\/www.praxis-kraemer.com\/wordpress\/wp-content\/uploads\/photo-gallery\/thumb\/ergo_5.jpg\"\n                  onclick=\"bwg_change_image(parseInt(jQuery('#bwg_current_image_key_0').val()), '2', '', '', '0')\"\n                  image_id=\"12\"\n                  image_key=\"2\"\n                  alt=\"Feinmotorik\"\n                  title=\"Feinmotorik\" \/>\n              <\/div>\n                            <div id=\"bwg_filmstrip_thumbnail_3_0\"\n                class=\"bwg_slideshow_filmstrip_thumbnail_0 bwg_slideshow_thumb_deactive_0\"\n                data-style=\"width:71px; height:40px;\">\n                <img decoding=\"async\" class=\"bwg_filmstrip_thumbnail_img bwg_slideshow_filmstrip_thumbnail_img_0\"\n                  style=\"width:71px; height:47.389150943396px; margin-left: 0px; margin-top: -3.6945754716981px;\"\n                  data-style=\"width:71px; height:47.389150943396px; margin-left: 0px; margin-top: -3.6945754716981px;\"\n                  src=\"https:\/\/www.praxis-kraemer.com\/wordpress\/wp-content\/uploads\/photo-gallery\/thumb\/ergo_4.jpg\"\n                  data-src=\"https:\/\/www.praxis-kraemer.com\/wordpress\/wp-content\/uploads\/photo-gallery\/thumb\/ergo_4.jpg\"\n                  onclick=\"bwg_change_image(parseInt(jQuery('#bwg_current_image_key_0').val()), '3', '', '', '0')\"\n                  image_id=\"11\"\n                  image_key=\"3\"\n                  alt=\"Handkoordination\"\n                  title=\"Handkoordination\" \/>\n              <\/div>\n                            <div id=\"bwg_filmstrip_thumbnail_4_0\"\n                class=\"bwg_slideshow_filmstrip_thumbnail_0 bwg_slideshow_thumb_deactive_0\"\n                data-style=\"width:71px; height:40px;\">\n                <img decoding=\"async\" class=\"bwg_filmstrip_thumbnail_img bwg_slideshow_filmstrip_thumbnail_img_0\"\n                  style=\"width:71px; height:91.485245901639px; margin-left: 0px; margin-top: -25.74262295082px;\"\n                  data-style=\"width:71px; height:91.485245901639px; margin-left: 0px; margin-top: -25.74262295082px;\"\n                  src=\"https:\/\/www.praxis-kraemer.com\/wordpress\/wp-content\/uploads\/photo-gallery\/thumb\/kind_1.jpg\"\n                  data-src=\"https:\/\/www.praxis-kraemer.com\/wordpress\/wp-content\/uploads\/photo-gallery\/thumb\/kind_1.jpg\"\n                  onclick=\"bwg_change_image(parseInt(jQuery('#bwg_current_image_key_0').val()), '4', '', '', '0')\"\n                  image_id=\"10\"\n                  image_key=\"4\"\n                  alt=\"Gleichgewichts\u00fcbung\"\n                  title=\"Gleichgewichts\u00fcbung\" \/>\n              <\/div>\n                            <div id=\"bwg_filmstrip_thumbnail_5_0\"\n                class=\"bwg_slideshow_filmstrip_thumbnail_0 bwg_slideshow_thumb_deactive_0\"\n                data-style=\"width:71px; height:40px;\">\n                <img decoding=\"async\" class=\"bwg_filmstrip_thumbnail_img bwg_slideshow_filmstrip_thumbnail_img_0\"\n                  style=\"width:71px; height:47.333333333333px; margin-left: 0px; margin-top: -3.6666666666667px;\"\n                  data-style=\"width:71px; height:47.333333333333px; margin-left: 0px; margin-top: -3.6666666666667px;\"\n                  src=\"https:\/\/www.praxis-kraemer.com\/wordpress\/wp-content\/uploads\/photo-gallery\/thumb\/ergo1.jpg\"\n                  data-src=\"https:\/\/www.praxis-kraemer.com\/wordpress\/wp-content\/uploads\/photo-gallery\/thumb\/ergo1.jpg\"\n                  onclick=\"bwg_change_image(parseInt(jQuery('#bwg_current_image_key_0').val()), '5', '', '', '0')\"\n                  image_id=\"9\"\n                  image_key=\"5\"\n                  alt=\"Fingerkr\u00e4ftigung\"\n                  title=\"Fingerkr\u00e4ftigung\" \/>\n              <\/div>\n                            <div id=\"bwg_filmstrip_thumbnail_6_0\"\n                class=\"bwg_slideshow_filmstrip_thumbnail_0 bwg_slideshow_thumb_deactive_0\"\n                data-style=\"width:71px; height:40px;\">\n                <img decoding=\"async\" class=\"bwg_filmstrip_thumbnail_img bwg_slideshow_filmstrip_thumbnail_img_0\"\n                  style=\"width:71px; height:47.251724137931px; margin-left: 0px; margin-top: -3.6258620689655px;\"\n                  data-style=\"width:71px; height:47.251724137931px; margin-left: 0px; margin-top: -3.6258620689655px;\"\n                  src=\"https:\/\/www.praxis-kraemer.com\/wordpress\/wp-content\/uploads\/photo-gallery\/thumb\/warte_klein.jpg\"\n                  data-src=\"https:\/\/www.praxis-kraemer.com\/wordpress\/wp-content\/uploads\/photo-gallery\/thumb\/warte_klein.jpg\"\n                  onclick=\"bwg_change_image(parseInt(jQuery('#bwg_current_image_key_0').val()), '6', '', '', '0')\"\n                  image_id=\"8\"\n                  image_key=\"6\"\n                  alt=\"Sessel\"\n                  title=\"Sessel\" \/>\n              <\/div>\n                            <div id=\"bwg_filmstrip_thumbnail_7_0\"\n                class=\"bwg_slideshow_filmstrip_thumbnail_0 bwg_slideshow_thumb_deactive_0\"\n                data-style=\"width:71px; height:40px;\">\n                <img decoding=\"async\" class=\"bwg_filmstrip_thumbnail_img bwg_slideshow_filmstrip_thumbnail_img_0\"\n                  style=\"width:71px; height:47.251724137931px; margin-left: 0px; margin-top: -3.6258620689655px;\"\n                  data-style=\"width:71px; height:47.251724137931px; margin-left: 0px; margin-top: -3.6258620689655px;\"\n                  src=\"https:\/\/www.praxis-kraemer.com\/wordpress\/wp-content\/uploads\/photo-gallery\/thumb\/thera_klein.jpg\"\n                  data-src=\"https:\/\/www.praxis-kraemer.com\/wordpress\/wp-content\/uploads\/photo-gallery\/thumb\/thera_klein.jpg\"\n                  onclick=\"bwg_change_image(parseInt(jQuery('#bwg_current_image_key_0').val()), '7', '', '', '0')\"\n                  image_id=\"7\"\n                  image_key=\"7\"\n                  alt=\"Parafinbad\"\n                  title=\"Parafinbad\" \/>\n              <\/div>\n                            <div id=\"bwg_filmstrip_thumbnail_8_0\"\n                class=\"bwg_slideshow_filmstrip_thumbnail_0 bwg_slideshow_thumb_deactive_0\"\n                data-style=\"width:71px; height:40px;\">\n                <img decoding=\"async\" class=\"bwg_filmstrip_thumbnail_img bwg_slideshow_filmstrip_thumbnail_img_0\"\n                  style=\"width:71px; height:47.286px; margin-left: 0px; margin-top: -3.643px;\"\n                  data-style=\"width:71px; height:47.286px; margin-left: 0px; margin-top: -3.643px;\"\n                  src=\"https:\/\/www.praxis-kraemer.com\/wordpress\/wp-content\/uploads\/photo-gallery\/thumb\/therapie1.jpg\"\n                  data-src=\"https:\/\/www.praxis-kraemer.com\/wordpress\/wp-content\/uploads\/photo-gallery\/thumb\/therapie1.jpg\"\n                  onclick=\"bwg_change_image(parseInt(jQuery('#bwg_current_image_key_0').val()), '8', '', '', '0')\"\n                  image_id=\"5\"\n                  image_key=\"8\"\n                  alt=\"Sensorik\"\n                  title=\"Sensorik\" \/>\n              <\/div>\n                        <\/div>\n        <\/div>\n        <div class=\"bwg_slideshow_filmstrip_right_0\">\n          <i class=\"bwg-icon-angle-right\"><\/i>\n        <\/div>\n        <div class=\"bwg_slideshow_filmstrip_right_disabled_0\">\n          <i class=\"bwg-icon-angle-right\"><\/i>\n        <\/div>\n      <\/div>\n          <div id=\"bwg_slideshow_image_container_0\"\n         class=\"bwg_slideshow_image_container_0\"\n         data-params='{&quot;bwg_source&quot;:&quot;slider&quot;,&quot;bwg_current_key&quot;:&quot;&quot;,&quot;bwg_transition_duration&quot;:100,&quot;bwg_trans_in_progress&quot;:false,&quot;data&quot;:[{&quot;id&quot;:&quot;14&quot;,&quot;alt&quot;:&quot;IMG 20180210 123612&quot;,&quot;description&quot;:&quot;Aperture: 2&amp;lt;br \\\/&amp;gt;Camera: HUAWEI VNS-L31&amp;lt;br \\\/&amp;gt;Iso: 100&amp;lt;br \\\/&amp;gt;&quot;,&quot;filetype&quot;:&quot;JPG&quot;,&quot;filename&quot;:&quot;IMG 20180210 123612&quot;,&quot;image_url&quot;:&quot;\\\/IMG_20180210_123612.jpg&quot;,&quot;thumb_url&quot;:&quot;\\\/thumb\\\/IMG_20180210_123612.jpg&quot;,&quot;redirect_url&quot;:&quot;&quot;,&quot;date&quot;:&quot;02 June 2018, 12:18&quot;,&quot;is_embed&quot;:false,&quot;is_embed_video&quot;:false,&quot;image_width&quot;:&quot;900&quot;,&quot;image_height&quot;:&quot;1200&quot;},{&quot;id&quot;:&quot;13&quot;,&quot;alt&quot;:&quot;Solitair&quot;,&quot;description&quot;:&quot;&quot;,&quot;filetype&quot;:&quot;JPG&quot;,&quot;filename&quot;:&quot;20160206 163939&quot;,&quot;image_url&quot;:&quot;\\\/20160206_163939.jpg&quot;,&quot;thumb_url&quot;:&quot;\\\/thumb\\\/20160206_163939.jpg&quot;,&quot;redirect_url&quot;:&quot;&quot;,&quot;date&quot;:&quot;01 June 2018, 16:15&quot;,&quot;is_embed&quot;:false,&quot;is_embed_video&quot;:false,&quot;image_width&quot;:&quot;1200&quot;,&quot;image_height&quot;:&quot;720&quot;},{&quot;id&quot;:&quot;12&quot;,&quot;alt&quot;:&quot;Feinmotorik&quot;,&quot;description&quot;:&quot;&quot;,&quot;filetype&quot;:&quot;JPG&quot;,&quot;filename&quot;:&quot;ergo 5&quot;,&quot;image_url&quot;:&quot;\\\/ergo_5.jpg&quot;,&quot;thumb_url&quot;:&quot;\\\/thumb\\\/ergo_5.jpg&quot;,&quot;redirect_url&quot;:&quot;&quot;,&quot;date&quot;:&quot;02 June 2018, 12:11&quot;,&quot;is_embed&quot;:false,&quot;is_embed_video&quot;:false,&quot;image_width&quot;:&quot;360&quot;,&quot;image_height&quot;:&quot;240&quot;},{&quot;id&quot;:&quot;11&quot;,&quot;alt&quot;:&quot;Handkoordination&quot;,&quot;description&quot;:&quot;&quot;,&quot;filetype&quot;:&quot;JPG&quot;,&quot;filename&quot;:&quot;ergo 4&quot;,&quot;image_url&quot;:&quot;\\\/ergo_4.jpg&quot;,&quot;thumb_url&quot;:&quot;\\\/thumb\\\/ergo_4.jpg&quot;,&quot;redirect_url&quot;:&quot;&quot;,&quot;date&quot;:&quot;02 June 2018, 12:11&quot;,&quot;is_embed&quot;:false,&quot;is_embed_video&quot;:false,&quot;image_width&quot;:&quot;424&quot;,&quot;image_height&quot;:&quot;283&quot;},{&quot;id&quot;:&quot;10&quot;,&quot;alt&quot;:&quot;Gleichgewichts\\u00fcbung&quot;,&quot;description&quot;:&quot;&quot;,&quot;filetype&quot;:&quot;JPG&quot;,&quot;filename&quot;:&quot;kind 1&quot;,&quot;image_url&quot;:&quot;\\\/kind_1.jpg&quot;,&quot;thumb_url&quot;:&quot;\\\/thumb\\\/kind_1.jpg&quot;,&quot;redirect_url&quot;:&quot;&quot;,&quot;date&quot;:&quot;02 June 2018, 12:11&quot;,&quot;is_embed&quot;:false,&quot;is_embed_video&quot;:false,&quot;image_width&quot;:&quot;305&quot;,&quot;image_height&quot;:&quot;393&quot;},{&quot;id&quot;:&quot;9&quot;,&quot;alt&quot;:&quot;Fingerkr\\u00e4ftigung&quot;,&quot;description&quot;:&quot;&quot;,&quot;filetype&quot;:&quot;JPG&quot;,&quot;filename&quot;:&quot;ergo1&quot;,&quot;image_url&quot;:&quot;\\\/ergo1.jpg&quot;,&quot;thumb_url&quot;:&quot;\\\/thumb\\\/ergo1.jpg&quot;,&quot;redirect_url&quot;:&quot;&quot;,&quot;date&quot;:&quot;02 June 2018, 12:11&quot;,&quot;is_embed&quot;:false,&quot;is_embed_video&quot;:false,&quot;image_width&quot;:&quot;360&quot;,&quot;image_height&quot;:&quot;240&quot;},{&quot;id&quot;:&quot;8&quot;,&quot;alt&quot;:&quot;Sessel&quot;,&quot;description&quot;:&quot;&quot;,&quot;filetype&quot;:&quot;JPG&quot;,&quot;filename&quot;:&quot;warte klein&quot;,&quot;image_url&quot;:&quot;\\\/warte_klein.jpg&quot;,&quot;thumb_url&quot;:&quot;\\\/thumb\\\/warte_klein.jpg&quot;,&quot;redirect_url&quot;:&quot;&quot;,&quot;date&quot;:&quot;02 June 2018, 12:11&quot;,&quot;is_embed&quot;:false,&quot;is_embed_video&quot;:false,&quot;image_width&quot;:&quot;290&quot;,&quot;image_height&quot;:&quot;193&quot;},{&quot;id&quot;:&quot;7&quot;,&quot;alt&quot;:&quot;Parafinbad&quot;,&quot;description&quot;:&quot;&quot;,&quot;filetype&quot;:&quot;JPG&quot;,&quot;filename&quot;:&quot;thera klein&quot;,&quot;image_url&quot;:&quot;\\\/thera_klein.jpg&quot;,&quot;thumb_url&quot;:&quot;\\\/thumb\\\/thera_klein.jpg&quot;,&quot;redirect_url&quot;:&quot;&quot;,&quot;date&quot;:&quot;02 June 2018, 12:11&quot;,&quot;is_embed&quot;:false,&quot;is_embed_video&quot;:false,&quot;image_width&quot;:&quot;290&quot;,&quot;image_height&quot;:&quot;193&quot;},{&quot;id&quot;:&quot;5&quot;,&quot;alt&quot;:&quot;Sensorik&quot;,&quot;description&quot;:&quot;&quot;,&quot;filetype&quot;:&quot;JPG&quot;,&quot;filename&quot;:&quot;therapie1&quot;,&quot;image_url&quot;:&quot;\\\/therapie1.jpg&quot;,&quot;thumb_url&quot;:&quot;\\\/thumb\\\/therapie1.jpg&quot;,&quot;redirect_url&quot;:&quot;&quot;,&quot;date&quot;:&quot;01 June 2018, 16:13&quot;,&quot;is_embed&quot;:false,&quot;is_embed_video&quot;:false,&quot;image_width&quot;:&quot;960&quot;,&quot;image_height&quot;:&quot;640&quot;}],&quot;width_or_height&quot;:&quot;width&quot;,&quot;filmstrip_thumb_margin_hor&quot;:2,&quot;left_or_top&quot;:&quot;left&quot;,&quot;outerWidth_or_outerHeight&quot;:&quot;outerWidth&quot;,&quot;enable_slideshow_shuffle&quot;:0,&quot;lightbox_filmstrip_thumb_border_width&quot;:&quot;1&quot;,&quot;thumb_click_action&quot;:&quot;open_lightbox&quot;,&quot;thumb_link_target&quot;:&quot;1&quot;,&quot;upload_url&quot;:&quot;https:\\\/\\\/www.praxis-kraemer.com\\\/wordpress\\\/wp-content\\\/uploads\\\/photo-gallery&quot;,&quot;preload_images&quot;:&quot;1&quot;,&quot;slideshow_effect&quot;:&quot;fade&quot;,&quot;event_stack&quot;:&quot;&quot;,&quot;preload_images_count&quot;:10,&quot;image_width&quot;:500,&quot;image_height&quot;:500,&quot;thumb_width&quot;:&quot;250&quot;,&quot;thumb_height&quot;:&quot;140&quot;,&quot;filmstrip_direction&quot;:&quot;horizontal&quot;,&quot;slideshow_filmstrip_type&quot;:1,&quot;slideshow_thumbnails_count&quot;:5,&quot;slideshow_filmstrip_width&quot;:71,&quot;slideshow_filmstrip_height&quot;:40,&quot;slideshow_filmstrip_rl_btn_size&quot;:&quot;20&quot;,&quot;slideshow_play_pause_btn_size&quot;:&quot;35&quot;,&quot;watermark_type&quot;:&quot;90&quot;,&quot;watermark_height&quot;:&quot;90&quot;,&quot;watermark_font_size&quot;:&quot;20&quot;,&quot;slideshow_title_font_size&quot;:&quot;16&quot;,&quot;slideshow_description_font_size&quot;:&quot;14&quot;,&quot;bwg_playInterval&quot;:&quot;&quot;,&quot;slideshow_interval&quot;:5,&quot;image_right_click&quot;:&quot;1&quot;,&quot;enable_slideshow_autoplay&quot;:1,&quot;enable_slideshow_music&quot;:&quot;0&quot;,&quot;bwg_current_filmstrip_pos&quot;:0}'\n         data-filmstrip-position=\"bottom\"\n         data-filmstrip-size=\"40\">\n      <div class=\"bwg_slide_container_0\">\n        <div class=\"bwg_slide_bg_0\">\n          <div class=\"bwg_slider_0\">\n                            <span class=\"bwg_slideshow_image_spun_0\" id=\"image_id_0_14\">\n                    <span class=\"bwg_slideshow_image_spun1_0\">\n                      <span class=\"bwg_slideshow_image_spun2_0\">\n                                                  <a  class=\"bwg-a bwg_lightbox\" href=\"https:\/\/www.praxis-kraemer.com\/wordpress\/wp-content\/uploads\/photo-gallery\/IMG_20180210_123612.jpg\" data-image-id=\"14\" data-elementor-open-lightbox=\"no\">\n                          <img decoding=\"async\" id=\"bwg_slideshow_image_0\"\n                               class=\"skip-lazy bwg_slide bwg_slideshow_image_0 \"\n                               src=\"https:\/\/www.praxis-kraemer.com\/wordpress\/wp-content\/uploads\/photo-gallery\/IMG_20180210_123612.jpg\"\n                               data-src=\"https:\/\/www.praxis-kraemer.com\/wordpress\/wp-content\/uploads\/photo-gallery\/IMG_20180210_123612.jpg\"\n                               image_id=\"14\"\n                               alt=\"IMG 20180210 123612\" \/>\n                          <\/a>\n                                                <\/span>\n                    <\/span>\n                  <\/span>\n                <span class=\"bwg_slideshow_image_second_spun_0\">\n                  <\/span>\n                <input type=\"hidden\" id=\"bwg_current_image_key_0\" value=\"0\" \/>\n                          <\/div>\n        <\/div>\n      <\/div>\n          <\/div>\n      <\/div>\n            <\/div>\n        <\/form>\n        <style>          #bwg_container1_0 #bwg_container2_0 #spider_popup_overlay_0 {\n          background-color: #EEEEEE;\n          opacity: 0.60;\n          }\n          <\/style>        <div id=\"bwg_spider_popup_loading_0\" class=\"bwg_spider_popup_loading\"><\/div>\n        <div id=\"spider_popup_overlay_0\" class=\"spider_popup_overlay\" onclick=\"spider_destroypopup(1000)\"><\/div>\n        <input type=\"hidden\" id=\"bwg_random_seed_0\" value=\"1843691476\">\n                <\/div>\n    <\/div>\n    <script>\n      if (document.readyState === 'complete') {\n        if( typeof bwg_main_ready == 'function' ) {\n          if ( jQuery(\"#bwg_container1_0\").height() ) {\n            bwg_main_ready(jQuery(\"#bwg_container1_0\"));\n          }\n        }\n      } else {\n        document.addEventListener('DOMContentLoaded', function() {\n          if( typeof bwg_main_ready == 'function' ) {\n            if ( jQuery(\"#bwg_container1_0\").height() ) {\n             bwg_main_ready(jQuery(\"#bwg_container1_0\"));\n            }\n          }\n        });\n      }\n    <\/script>\n    <\/div><\/div><\/div><div id=\"pg-200-1\"  class=\"panel-grid panel-no-style\" ><div id=\"pgc-200-1-0\"  class=\"panel-grid-cell\" ><div id=\"panel-200-1-0-0\" class=\"so-panel widget widget_sow-editor panel-first-child panel-last-child\" data-index=\"2\" ><div\n\t\t\t\n\t\t\tclass=\"so-widget-sow-editor so-widget-sow-editor-base\"\n\t\t\t\n\t\t><h3 class=\"widget-title\">Informationen f\u00fcr Patienten<\/h3>\n<div class=\"siteorigin-widget-tinymce textwidget\">\n\t<p>\n<div class=\"sp-wrap sp-wrap-default\">\n<div class=\"sp-head\" title=\"Erweitern\">\nWer kann Ergotherapie verordnen?\n<\/div>\n<div class=\"sp-body folded\">\n<p>Grunds\u00e4tzlich kann jeder niedergelassene Arzt eine Ergotherapieverordnung ausstellen. Voraussetzung ist nat\u00fcrlich, dass es auch eine Indikation f\u00fcr eine Ergotherapie gibt.<\/p>\n<div class=\"spdiv\">[Einklappen]<\/div>\n<\/div>\n<\/div>\n<br \/>\n\n<div class=\"sp-wrap sp-wrap-default\">\n<div class=\"sp-head\" title=\"Erweitern\">\nWie lange ist eine Ergotherapieverordnung g\u00fcltig?\n<\/div>\n<div class=\"sp-body folded\">\n<p>Bei Heilmittelverordnungen verh\u00e4lt es sich anders als mit Rezepten f\u00fcr Medikamenten oder \u00dcberweisungen zu Fach\u00e4rzten. Eine Heilmittelverordnung muss innerhalb von 14 Tagen nach dem Ausstellungsdatum begonnen werden. Andernfalls verliert sie ihre G\u00fcltigkeit. Bei Privatverordnungen sind die Fristen nicht einheitlich und variieren zwischen 3-6 Monaten.<\/p>\n<div class=\"spdiv\">[Einklappen]<\/div>\n<\/div>\n<\/div>\n<br \/>\n\n<div class=\"sp-wrap sp-wrap-default\">\n<div class=\"sp-head\" title=\"Erweitern\">\nMuss ich Zuzahlung leisten?\n<\/div>\n<div class=\"sp-body folded\">\n<p>Jeder der nicht von Zuzahlung der gesetzlichen Krankenkassen befreit ist, muss f\u00fcr erhaltene Leistungen einen Eigenanteil erbringen. Dies ist auch bei Heilmitteln der Fall. Die Grundgeb\u00fchr f\u00fcr eine Verordnung betr\u00e4gt 10,00\u20ac. Hinzu kommen noch 10% der erhaltenen Leistung. Als gesetzlich Versicherter sind Sie zur Zahlung verpflichtet und die behandelnde Praxis ist verpflichtet Ihnen diese Zuzahlungsrechnung zu stellen.<\/p>\n<div class=\"spdiv\">[Einklappen]<\/div>\n<\/div>\n<\/div>\n<br \/>\n\n<div class=\"sp-wrap sp-wrap-default\">\n<div class=\"sp-head\" title=\"Erweitern\">\nIch kann einen Termin nicht wahrnehmen. Was nun?\n<\/div>\n<div class=\"sp-body folded\">\n<p>Haben Sie mind. 24 Stunden vorher abgesagt? Wenn ja, wird der ausgefallene Termin einfach nachgeholt. Haben Sie vergessen rechtzeitig abzusagen wird Ihnen eine Ausfallrechnung gestellt. Sie k\u00f6nnen nicht einfach auf der Verordnung unterschreiben, dass Sie da waren, denn das ist Abrechnungsbetrug.<\/p>\n<div class=\"spdiv\">[Einklappen]<\/div>\n<\/div>\n<\/div>\n<\/p>\n<\/div>\n<\/div><\/div><\/div><div id=\"pgc-200-1-1\"  class=\"panel-grid-cell\" ><div id=\"panel-200-1-1-0\" class=\"so-panel widget widget_sow-editor panel-first-child panel-last-child\" data-index=\"3\" ><div\n\t\t\t\n\t\t\tclass=\"so-widget-sow-editor so-widget-sow-editor-base\"\n\t\t\t\n\t\t><h3 class=\"widget-title\">Informationen f\u00fcr \u00c4rzte<\/h3>\n<div class=\"siteorigin-widget-tinymce textwidget\">\n\t<p>\n<div class=\"sp-wrap sp-wrap-default\">\n<div class=\"sp-head\" title=\"Erweitern\">\nErgotherapie? Das ist doch basteln, oder?\n<\/div>\n<div class=\"sp-body folded\">\n<p>Falsch. Ergotherapie ist die einzige bet\u00e4tigungsorientierte Behandlungsform die es gibt. Das kann nat\u00fcrlich auch einmal basteln sein aber es steht immer die Handlungsf\u00e4higkeit einer Person in ihrem Alltag im Vordergrund. Sollten Sie Fragen haben was eine Ergotherapie ist und wie eine Behandlung aussieht, d\u00fcrfen Sie jederzeit mit uns Kontakt aufnehmen.<\/p>\n<div class=\"spdiv\">[Einklappen]<\/div>\n<\/div>\n<\/div>\n<br \/>\n\n<div class=\"sp-wrap sp-wrap-default\">\n<div class=\"sp-head\" title=\"Erweitern\">\nKann ich Verordnungen nachtr\u00e4glich \u00e4ndern?\n<\/div>\n<div class=\"sp-body folded\">\n<p>Als Arzt bestimmen Sie was f\u00fcr eine Behandlung sie Ihrem Patienten angedeihen lassen wollen. Im Rahmen der Heilmittelrichtlinien k\u00f6nnen Sie frei bestimmen sind aber an gewisse Regelen gebunden. Laut diesen Richtlinien sind \u00c4rzte verpflichtet korrekte Verordnungen auszustellen. Fehler sind menschlich und k\u00f6nnen korrigiert werden. Alle \u00c4nderungen bzw. Korrekturen die vom Arzt vorgenommen werden m\u00fcssen, m\u00fcssen durch erneute Unterschrift mit Angabe des Datums und Praxisstempel best\u00e4tigt werden.<\/p>\n<p>Aufgrund des \"Pr\u00fcfpflichturteils\" des Bundessozialgerichts (BSG) von Oktober 2009 m\u00fcssen die Heilmittelerbringer die Verordnung auf Vollst\u00e4ndigkeit und Plausibilit\u00e4t pr\u00fcfen. Ma\u00dfst\u00e4be daf\u00fcr sind aus professioneller Sicht erkennbare Fehler und \u00dcbereinstimmung mit den Heilmittelrichtlinien. Nach Auffassung des BSG ist eine korrekte Verordnung notwendige Voraussetzung f\u00fcr den Beginn der Behandlung und die Abrechnung der Leistung.<\/p>\n<p>Das bedeutet, dass wenn wir mit der Bitte um Korrektur der Verordnung an Sie herantreten sie nicht \u00e4rgern wollen. Wir m\u00fcssen auf die Einhaltung der Formalien pochen nicht nur um unsere Verg\u00fctung zu bekommen sondern auch um Sie vor einem Regress zu sch\u00fctzen.<\/p>\n<div class=\"spdiv\">[Einklappen]<\/div>\n<\/div>\n<\/div>\n<br \/>\n\n<div class=\"sp-wrap sp-wrap-default\">\n<div class=\"sp-head\" title=\"Erweitern\">\nKann der Therapeut die \u00c4nderungen nicht selbst vornehmen?\n<\/div>\n<div class=\"sp-body folded\">\n<p>Einige schon, aber nicht alle. Das Ausstellungsdatum, Behandlungsbeginn sp\u00e4testens am, Indikationsschl\u00fcssel, Diagnosen und Behandlungsform darf nur der verordnende Arzt mit Stempel und Unterschrift \u00e4ndern. Nur die Frequenz der Therapie sowie eine \u00c4nderung von Gruppentherapie auf Einzeltherapie darf nach R\u00fccksprache mit Ihnen vom Therapeuten vorgenommen werden.<\/p>\n<div class=\"spdiv\">[Einklappen]<\/div>\n<\/div>\n<\/div>\n<br \/>\n\n<div class=\"sp-wrap sp-wrap-default\">\n<div class=\"sp-head\" title=\"Erweitern\">\nIch stelle keine Verordnungen aus, da mein Budget das nicht erlaubt. Ich habe Sorge vor Regressforderungen.\n<\/div>\n<div class=\"sp-body folded\">\n<p>Regressforderungen durch die Krankenkassen sind recht selten. Es scheint jedoch Politik der Krankenkassen zu sein, Ihnen Angst einzujagen, damit Sie den Kostendruck an alle Stellen weitergeben. Dabei haben Sie viele M\u00f6glichkeiten auch au\u00dferhalb Ihres Budgets zu verordnen. Die Begriffe \"Besonderer Verordnungsbedarf (Praxisbesonderheiten)\" und \"Langfristiger Verordnungsbedarf\" ist den meisten \u00c4rzten kein Begriff.<br \/>\n<a href=\"https:\/\/www.praxis-kraemer.com\/wordpress\/?attachment_id=219\" rel=\"attachment wp-att-219\"><img loading=\"lazy\" decoding=\"async\" src=\"https:\/\/www.praxis-kraemer.com\/wordpress\/wp-content\/uploads\/2018\/06\/Wege_zur_extrabudgetaeren_Verordnung-757x1080.jpg\" alt=\"\" width=\"757\" height=\"1080\" class=\"aligncenter size-mesmerize-full-hd wp-image-219\" srcset=\"https:\/\/www.praxis-kraemer.com\/wordpress\/wp-content\/uploads\/2018\/06\/Wege_zur_extrabudgetaeren_Verordnung-757x1080.jpg 757w, https:\/\/www.praxis-kraemer.com\/wordpress\/wp-content\/uploads\/2018\/06\/Wege_zur_extrabudgetaeren_Verordnung-210x300.jpg 210w, https:\/\/www.praxis-kraemer.com\/wordpress\/wp-content\/uploads\/2018\/06\/Wege_zur_extrabudgetaeren_Verordnung-768x1096.jpg 768w, https:\/\/www.praxis-kraemer.com\/wordpress\/wp-content\/uploads\/2018\/06\/Wege_zur_extrabudgetaeren_Verordnung-718x1024.jpg 718w, https:\/\/www.praxis-kraemer.com\/wordpress\/wp-content\/uploads\/2018\/06\/Wege_zur_extrabudgetaeren_Verordnung-1024x1461.jpg 1024w\" sizes=\"auto, (max-width: 757px) 100vw, 757px\" \/><\/a><\/p>\n<p>Ihr individuelles Budget h\u00e4ngt nicht nur von Ihren Patienten ab, sondern auch von Ihrem Verordnungsverhalten. Verordnen Sie grunds\u00e4tzlich wenig Heilmittel, wird Ihr zuk\u00fcnftiges Budget nach unten korrigiert. Verordnen Sie mehr, wird es zuk\u00fcnftig nach oben korrigiert. Zudem findet bei einer Pr\u00fcfung der Wirtschaftlichkeit auch immer eine \u00dcberpr\u00fcfung statt ob die Verordnungen notwendig waren oder nicht. Daher nutzen Sie die M\u00f6glichkeit von Therapieberichten um einen Beweis zu haben, dass die Therapie notwendig war und ob Sie erfolgreich verl\u00e4uft. Ein guter Therapeut wird keine Behandlung unn\u00f6tig in die l\u00e4nge ziehen, sondern auch von sich aus bei erreichtem Therapieziel die Behandlung beenden. Dauerverordnungen sind nur selten notwendig und k\u00f6nnen immer konkret therapeutisch begr\u00fcndet werden.<\/p>\n<p>Nachfolgend werden Sie Informationen als Download finden, damit Sie diese extrabudget\u00e4ren Verordnungsm\u00f6glichkeiten sofort nutzen k\u00f6nnen:<br \/>\n<a href=\"https:\/\/www.praxis-kraemer.com\/wordpress\/wp-content\/uploads\/2018\/06\/Besondere_Verordnungsbedarfe.pdf\">Besondere Verordnungsbedarfe<\/a><br \/>\n<a href=\"https:\/\/www.praxis-kraemer.com\/wordpress\/wp-content\/uploads\/2018\/06\/Langfristiger_Heilmittelbedarf.pdf\">Langfristiger_Heilmittelbedarf<\/a><br \/>\n<a href=\"https:\/\/www.praxis-kraemer.com\/wordpress\/wp-content\/uploads\/2018\/06\/Diagnosegruppen_Indikationsschluessel.pdf\">Diagnosegruppen_Indikationsschluessel<\/a><br \/>\n<a href=\"https:\/\/www.praxis-kraemer.com\/wordpress\/wp-content\/uploads\/2018\/06\/Checkliste.pdf\">Checkliste<\/a><\/p>\n<div class=\"spdiv\">[Einklappen]<\/div>\n<\/div>\n<\/div>\n<br \/>\n\n<div class=\"sp-wrap sp-wrap-default\">\n<div class=\"sp-head\" title=\"Erweitern\">\nWie kann eine tempor\u00e4re ergotherapeutische Schiene verordnet werden?\n<\/div>\n<div class=\"sp-body folded\">\n<p>Bei bestimmten Indikationen kann eine tempor\u00e4re ergoterapeutische Schiene verordnet werden. Ist dies der Fall erfolgt die Verordnung ebenfalls auf dem Verordnungsvordruck Nr. 18 f\u00fcr die Ergotherapie und zwar in dem Feld:<\/p>\n<p><strong>\"Gegebenenfalls neurologische\/psychiatrische, p\u00e4diatrische, orthop\u00e4dische Besonderheiten\".<\/strong><\/p>\n<p>Sollten Sie nur eine Schiene verordnen wollen, so muss bei der Verordnung mind. eine motorisch-funktionelle Behandlung verordnet werden. Anders ist eine Abrechnung mit den Krankenkassen nicht m\u00f6glich. Bitte geben Sie auch m\u00f6glichst konkret die Art der Schiene an, die hergestellt werden soll. Dies ist notwendig um einen m\u00f6glichen Kostenvoranschlag bei der Krankenkasse einreichen und begr\u00fcnden zu k\u00f6nnen. Sollten Sie unschl\u00fcssig sein, welche Schiene am besten f\u00fcr Ihren Patienten geeignet ist, setzen Sie sich ruhig mit uns in Verbindung. \u00dcbrigens, die Verordnung von tempor\u00e4ren ergotherapeutischen Schienen erfolgt immer Extrabudget\u00e4r! Der Vorteil von tempor\u00e4r ergotherapeutischen Schienen ist zudem nicht nur der niedrigere Preis als Produkte von der Stange sondern auch die Tatsache, dass sie immer individuell angepasst sind.<\/p>\n<div class=\"spdiv\">[Einklappen]<\/div>\n<\/div>\n<\/div>\n<\/p>\n<\/div>\n<\/div><\/div><\/div><\/div><\/div>","protected":false},"excerpt":{"rendered":"<p>Informationen Leistungsspektrum der Praxis Kr\u00e4mer Unser Leistungsspektrum ist vielf\u00e4ltig und fundiert. Wir bieten keine Leistungen an, von denen wir nicht \u00fcberzeugt sind sie auch zur vollsten Zufriedenheit unsere Patienten \/ Klienten anwenden zu k\u00f6nnen. Ergotherapie auf motorisch-funktioneller, sensomotorisch-perzeptiver und psychisch-funktioneller Basis sowie Hirnleistungstraining. Behandlung aller Altersstufen in den Bereichen P\u00e4diatrie Neurologie Geriatrie Psychiatrie Orthop\u00e4die Das&hellip; <br \/> <a class=\"read-more\" href=\"https:\/\/www.praxis-kraemer.com\/wordpress\/informationen-leistungsspektrum\/\">Weiterlesen<\/a><\/p>\n","protected":false},"author":1,"featured_media":0,"parent":0,"menu_order":0,"comment_status":"closed","ping_status":"closed","template":"page-templates\/homepage.php","meta":{"footnotes":""},"class_list":["post-200","page","type-page","status-publish","hentry"],"_links":{"self":[{"href":"https:\/\/www.praxis-kraemer.com\/wordpress\/wp-json\/wp\/v2\/pages\/200","targetHints":{"allow":["GET"]}}],"collection":[{"href":"https:\/\/www.praxis-kraemer.com\/wordpress\/wp-json\/wp\/v2\/pages"}],"about":[{"href":"https:\/\/www.praxis-kraemer.com\/wordpress\/wp-json\/wp\/v2\/types\/page"}],"author":[{"embeddable":true,"href":"https:\/\/www.praxis-kraemer.com\/wordpress\/wp-json\/wp\/v2\/users\/1"}],"replies":[{"embeddable":true,"href":"https:\/\/www.praxis-kraemer.com\/wordpress\/wp-json\/wp\/v2\/comments?post=200"}],"version-history":[{"count":34,"href":"https:\/\/www.praxis-kraemer.com\/wordpress\/wp-json\/wp\/v2\/pages\/200\/revisions"}],"predecessor-version":[{"id":342,"href":"https:\/\/www.praxis-kraemer.com\/wordpress\/wp-json\/wp\/v2\/pages\/200\/revisions\/342"}],"wp:attachment":[{"href":"https:\/\/www.praxis-kraemer.com\/wordpress\/wp-json\/wp\/v2\/media?parent=200"}],"curies":[{"name":"wp","href":"https:\/\/api.w.org\/{rel}","templated":true}]}}